{"version":"1.0","provider_name":"URSULA","provider_url":"https:\/\/ursula.cafeblog.hu","author_name":"terka","author_url":"https:\/\/ursula.cafeblog.hu\/author\/ursul\/","title":"Ikeranya","html":"<p style=\"text-align: justify\">Nem hiszem, hogy eml\u00e9keztek, de egyszer, m\u00e9g a blog els\u0151 heteiben k\u00f6zz\u00e9tett\u00fcnk egy <span style=\"text-decoration: underline\"><span style=\"color: #003366\"><a href=\"https:\/\/ursula.cafeblog.hu\/2013\/06\/25\/az-ikrek-es-a-lombik-kerdes\/\"><span style=\"color: #003366;text-decoration: underline\">felh\u00edv\u00e1st<\/span><\/a><\/span><\/span>, hogy ha valakinek van kedve megosztani t\u00f6rt\u00e9net\u00e9t mesters\u00e9ges megterm\u00e9keny\u00edt\u00e9ssel kapcsolatban, sz\u00edvesen l\u00e1tjuk. Nyilv\u00e1n rosszul fogalmaztam, vagy valami nem stimmelt az \u00edr\u00e1ssal, mindenesetre nem sok reakci\u00f3t kaptunk. A napokban viszont olvastam egy k\u00f6nyvet, ami mintha erre reag\u00e1lt volna.<\/p>\r\n<a href=\"https:\/\/ursula.cafeblog.hu\/files\/2013\/09\/87489998.jpg\"><img class=\"alignnone size-full wp-image-5240612 aligncenter\" alt=\"87489998\" src=\"https:\/\/ursula.cafeblog.hu\/files\/2013\/09\/87489998.jpg\" width=\"725\" height=\"482\" \/><\/a>\r\n<p style=\"text-align: justify\">Mondjuk, bevallom, el\u00e9gg\u00e9 megviselt, csak kis adagokban tudtam haladni, holott nem t\u00f6bb az eg\u00e9sz sz\u00e1z oldaln\u00e1l. Kiss No\u00e9mi <em>Ikeranya<\/em> c\u00edm\u0171 m\u0171v\u00e9t nem \u00e9ppen a gyenge idegzet\u0171eknek aj\u00e1nlan\u00e1m. Nem meglep\u0151 m\u00f3don egy ikreket sz\u00fcl\u0151 n\u0151 t\u00f6rt\u00e9nete bontakozik ki benne, de nem k\u00f6nnyen \u00e1ttekinthet\u0151en, hanem fragmentumokban, r\u00f6vid r\u00e9szletekben, nagy \u00f6sszef\u00fcgg\u00e9sek \u00e9s nagy megold\u00e1sok n\u00e9lk\u00fcl, amilyennek egy\u00e9bk\u00e9nt gyakran a sz\u00fcl\u00e9s ut\u00e1ni els\u0151 id\u0151szakot meg\u00e9lj\u00fck.<\/p>\r\n<p style=\"text-align: justify\">A k\u00f6nyv engem egyr\u00e9szt visszavitt egy kicsit a gyerekem sz\u00fclet\u00e9se ut\u00e1ni h\u00f3napokba, a l\u00e1z\u00e1lmokba, amiket akkor l\u00e1ttam, f\u00e9l\u00e1lomban, szoptat\u00e1s k\u00f6zben, a rettenetes f\u00e9lelmekbe, amiket meg\u00e9ltem, \u00e9s nem mertem elmondani, a folyamatos, minden percet fel\u0151rl\u0151 agg\u00f3d\u00e1sba, hogy most l\u00e9legzik-e, \u00e9s mit csin\u00e1lok majd, ha nem fog, de arra is r\u00e1\u00e9bresztett, hogy milyen \u00e9rdekes: m\u00e9g ezt is el tudtam felejteni. Ezt a mindent kit\u00f6lt\u0151, alv\u00e1smegvon\u00e1s \u00e9s f\u00e9lelem okozta hallucin\u00e1ci\u00f3-sorozatot.<\/p>\r\n<p style=\"text-align: justify\">M\u00e1sr\u00e9szt \u00e9n val\u00f3ban nem tudom, milyen, ha v\u00e9gig kell csin\u00e1lni a mesters\u00e9ges megterm\u00e9keny\u00edt\u00e9s nyilv\u00e1n megal\u00e1z\u00f3 \u00e9s f\u00e1jdalmas folyamat\u00e1t. Ahogy azt sem tudom saj\u00e1t tapasztalatb\u00f3l, milyen, ha a baba kor\u00e1n sz\u00fcletik, az intenz\u00edvre ker\u00fcl, agg\u00f3dni kell az \u00e9let\u00e9\u00e9rt, egy hajsz\u00e1lon f\u00fcgg minden, mind\u00f6ssze n\u00e9h\u00e1ny csepp te\u00e1t iszik, \u00e9s k\u00e9s\u0151bb nem fejl\u0151dik rendesen. Kor\u00e1bban nem tudtam, hogy ez ennyire durva.<\/p>\r\n<p style=\"text-align: justify\"><em>\"Any\u00e1m nem tudott volna elengedni, \u00fagy szor\u00edtott mag\u00e1hoz. Nem szerettem, hogy any\u00e1m lekicsinyel. Ut\u00e1ltam kicsinek lenni. Elhat\u00e1roztam, hogy ellene n\u00f6v\u00f6k meg. Szembemegyek vele. (...)<\/em><\/p>\r\n<p style=\"text-align: justify\"><em>Az oszt\u00e1lyon, ahol fek\u00fcdtem, minden bab\u00e1nak l\u00f3gott egy cs\u0151 a fej\u00e9b\u0151l, ez\u00e9rt azt gondolt\u00e1k, a fej\u00fcnk nem n\u0151 majd meg el\u00e9gg\u00e9, \u00f6r\u00f6kre l\u00e1gyultak maradunk. Tanulni sem fogunk tudni. Mozogni, j\u00e1rni, kiab\u00e1lni, a szavakat csak rebesgetj\u00fck, \u00e9s alacsonyra n\u00f6v\u00fcnk. Puhakopony\u00e1k lesz\u00fcnk. A h\u00edrt a doktor b\u00e1csi azonnal k\u00f6z\u00f6lte a sz\u00fcleinkkel, akik zsebkend\u0151t vettek el\u0151, k\u00f6nnyeztek \u00e9s lemondtak r\u00f3lunk, vagy zsebkend\u0151t vettek el\u0151, k\u00f6nnyeztek \u00e9s elhat\u00e1rozt\u00e1k, hogy juszt se mondanak le r\u00f3lunk. Na, ilyen volt az \u00e9n any\u00e1m.\"<\/em><\/p>\r\n<p style=\"text-align: justify\">Ez a sz\u00f6veg nem hagyja ki a f\u00e1jdalmas, k\u00e9t\u00e9rtelm\u0171, ideges\u00edt\u0151 vagy durva r\u00e9szleteket - vagyis a cukorm\u00e1zt \u00e9s a gyereksz\u00fcl\u00e9s fel\u00e9rt\u00e9kel\u00e9s\u00e9t, f\u00e9nyez\u00e9s\u00e9t messze elker\u00fcli- , viszont nem \u00edt\u00e9lkezik.<\/p>\r\n<p style=\"text-align: justify\">Nyilv\u00e1n nem erre a k\u00e9rd\u00e9sre \u00edr\u00f3dott az <em>Ikeranya<\/em>, m\u00e9gis feltehetn\u00e9nk neki, hogy elker\u00fclhet\u0151-e a f\u00e1jdalom, \u00e9s rem\u00e9nykedhet\u00fcnk-e, hogy minden m\u00e9giscsak csod\u00e1latosan, filmszer\u0171en alakul, ha gyereket v\u00e1llalunk? A v\u00e1lasza egy\u00e9rtelm\u0171 volna: NEM!<\/p>\r\n<p style=\"text-align: center\"><a href=\"https:\/\/ursula.cafeblog.hu\/files\/2013\/09\/kiss-noemi-ikeranya.jpg\"><img class=\"alignnone size-full wp-image-5240613\" alt=\"kiss-noemi-ikeranya\" src=\"https:\/\/ursula.cafeblog.hu\/files\/2013\/09\/kiss-noemi-ikeranya.jpg\" width=\"400\" height=\"606\" \/><\/a><\/p>\r\n<p style=\"text-align: justify\">\u00c9s akkor m\u00e9g egy r\u00e9szlet:<\/p>\r\n<p style=\"text-align: justify\"><em>\"Szalad, szalad, szalad, \u00e1lm\u00e1ban anya messzire megy, \u00f3ri\u00e1si, er\u0151s, izmos test. \u00c1lm\u00e1ban anya nem anya t\u00f6bb\u00e9, ett\u0151l azt\u00e1n szomor\u00fa \u00e9s let\u00f6rt. Anya elvesz\u00edtette a szabads\u00e1ga fonal\u00e1t, egy labirintusban kaparja a falat, fekszik, fejben az utat t\u00f6ri kifel\u00e9. \u00c1m fel\u00e9bred, mert valaki s\u00edr, \u00e9s any\u00e1t akar, hogy megvigasztalja. Anya szabadon d\u00f6nt, merre megy \u00e1t a gyerekhez, a l\u00e9pcs\u0151n vagy a folyos\u00f3n kereszt\u00fcl, itt a konnektorba r\u00faghat bele, amott leverheti a gurul\u00f3s j\u00e1t\u00e9kot. S\u00f6t\u00e9t \u00e9jszaka van, a sz\u00fcrke hold vil\u00e1g\u00edt.\"<\/em><\/p>\r\n<p style=\"text-align: justify\">Ismer\u0151s?<\/p>","type":"rich"}